{"id":11900,"date":"2026-09-06T02:02:16","date_gmt":"2026-09-06T02:02:16","guid":{"rendered":"https:\/\/haf.hi.is\/people\/"},"modified":"2026-09-06T10:36:34","modified_gmt":"2026-09-06T10:36:34","slug":"people","status":"publish","type":"page","link":"https:\/\/haf.hi.is\/is\/people\/","title":{"rendered":"People"},"content":{"rendered":"<div class=\"wp-block-group alignfull iss-ai-demo iss-ai-demo--people is-layout-flow wp-block-group-is-layout-flow\">\n<div class=\"wp-block-group alignfull ai-band-accent has-text-color has-background is-layout-flow wp-block-group-is-layout-flow\" style=\"color:#04241f;background-color:#0bb4aa\">\n<div class=\"wp-block-group ai-container is-layout-flow wp-block-group-is-layout-flow\">\n<p class=\"ai-meta wp-block-paragraph\">HAF-People<\/p>\n\n\n\n<h2 class=\"wp-block-heading\"><strong><mark style=\"background-color:rgba(0, 0, 0, 0)\" class=\"has-inline-color has-secondary-color\">Minds behind the underwater communication frontier<\/mark><\/strong><\/h2>\n\n\n\n<p class=\"ai-lead wp-block-paragraph\">A small, tightly focused group spanning signal processing, marine robotics, electromagnetics and applied acoustics based at the University of Iceland, working across fjord and open sea.<\/p>\n\n\n\n<p class=\"ai-ticker wp-block-paragraph\">SIGNAL PROCESSING &nbsp; \u00b7 &nbsp; UNDERWATER ACOUSTICS &nbsp; \u00b7 &nbsp; ROBOTICS &nbsp; \u00b7 &nbsp; RF &amp; ANTENNAS &nbsp; \u00b7 &nbsp; MARINE ENGINEERING &nbsp; \u00b7 &nbsp; APPLIED MATHEMATICS<\/p>\n<\/div>\n<\/div>\n\n\n\n<div class=\"wp-block-columns is-layout-flex wp-container-core-columns-is-layout-0e47273b wp-block-columns-is-layout-flex\">\n<div class=\"wp-block-column is-layout-flow wp-block-column-is-layout-flow\" style=\"flex-basis:100%\">\n<div class=\"wp-block-group ai-section is-vertical is-layout-flex wp-container-core-group-is-layout-bd946717 wp-block-group-is-layout-flex\">\n<div class=\"wp-block-group ai-container ai-pair is-layout-flow wp-block-group-is-layout-flow\">\n<div class=\"wp-block-columns is-layout-flex wp-container-core-columns-is-layout-0e47273b wp-block-columns-is-layout-flex\">\n<div class=\"wp-block-column is-layout-flow wp-block-column-is-layout-flow\">\n<div class=\"wp-block-group is-layout-flow wp-block-group-is-layout-flow\">\n<figure class=\"wp-block-image size-full\"><img fetchpriority=\"high\" decoding=\"async\" width=\"554\" height=\"554\" src=\"https:\/\/haf.hi.is\/wp-content\/uploads\/2023\/06\/Ian-F-AkyildizI.jpg\" alt=\"Ian F AkyildizI\" class=\"wp-image-1946\" style=\"aspect-ratio:0.75;object-fit:cover\" srcset=\"https:\/\/haf.hi.is\/wp-content\/uploads\/2023\/06\/Ian-F-AkyildizI.jpg 554w, https:\/\/haf.hi.is\/wp-content\/uploads\/2023\/06\/Ian-F-AkyildizI-300x300.jpg 300w, https:\/\/haf.hi.is\/wp-content\/uploads\/2023\/06\/Ian-F-AkyildizI-150x150.jpg 150w\" sizes=\"(max-width: 554px) 100vw, 554px\" \/><\/figure>\n<\/div>\n<\/div>\n\n\n\n<div class=\"wp-block-column is-layout-flow wp-block-column-is-layout-flow\">\n<div class=\"wp-block-group ai-pair-body has-global-padding is-layout-constrained wp-block-group-is-layout-constrained\">\n<h3 class=\"wp-block-heading\">Prof. Ian F. Akyildiz<\/h3>\n\n\n\n<p class=\"has-text-align-left wp-block-paragraph\"><strong>Ian F.<\/strong> <strong>Akyildiz<\/strong> is an adjunct professor with the University of Iceland where he has been teaching new courses and establishing new research activities in the rapidly developing field of Internet of Things (IoT) in challenged environments such as underwater, underground, and space since 2020. He served as the Ken Byers Chair Professor with the School of ECE at Georgia Institute of Technology, Director of the Broadband Wireless Networking Laboratory and Chair of the Telecommunications Group at the School of ECE at Georgia Tech from 1985-2020. He is an internationally leading authority in the field of wireless communication and sensors, with over 155K. And citation h-index of 143.<\/p>\n\n\n\n<p class=\"ai-note wp-block-paragraph\"><strong><em><a href=\"mailto:ianaky@hi.is\">ianaky@hi.is<\/a><\/em><\/strong><\/p>\n<\/div>\n<\/div>\n<\/div>\n\n\n\n<div class=\"wp-block-columns is-layout-flex wp-container-core-columns-is-layout-0e47273b wp-block-columns-is-layout-flex\">\n<div class=\"wp-block-column is-layout-flow wp-block-column-is-layout-flow\"><\/div>\n\n\n\n<div class=\"wp-block-column is-layout-flow wp-block-column-is-layout-flow\"><\/div>\n<\/div>\n<\/div>\n\n\n\n<div class=\"wp-block-group ai-container ai-pair is-layout-flow wp-block-group-is-layout-flow\">\n<div class=\"wp-block-columns is-layout-flex wp-container-core-columns-is-layout-0e47273b wp-block-columns-is-layout-flex\">\n<div class=\"wp-block-column is-layout-flow wp-block-column-is-layout-flow\">\n<div class=\"wp-block-group is-layout-flow wp-block-group-is-layout-flow\">\n<figure class=\"wp-block-image size-full\"><img decoding=\"async\" width=\"960\" height=\"1083\" src=\"https:\/\/haf.hi.is\/wp-content\/uploads\/2023\/06\/Kristinn-Andersen-1.jpg\" alt=\"Kristinn Andersen\" class=\"wp-image-1947\" style=\"aspect-ratio:0.75;object-fit:cover\" srcset=\"https:\/\/haf.hi.is\/wp-content\/uploads\/2023\/06\/Kristinn-Andersen-1.jpg 960w, https:\/\/haf.hi.is\/wp-content\/uploads\/2023\/06\/Kristinn-Andersen-1-266x300.jpg 266w, https:\/\/haf.hi.is\/wp-content\/uploads\/2023\/06\/Kristinn-Andersen-1-908x1024.jpg 908w, https:\/\/haf.hi.is\/wp-content\/uploads\/2023\/06\/Kristinn-Andersen-1-768x866.jpg 768w\" sizes=\"(max-width: 960px) 100vw, 960px\" \/><\/figure>\n<\/div>\n<\/div>\n\n\n\n<div class=\"wp-block-column is-layout-flow wp-block-column-is-layout-flow\">\n<div class=\"wp-block-group ai-pair-body is-layout-flow wp-block-group-is-layout-flow\">\n<h3 class=\"wp-block-heading\">Prof. <strong>Kristinn Andersen<\/strong><\/h3>\n\n\n\n<p class=\"wp-block-paragraph\"><strong>Kristinn Andersen<\/strong> er pr\u00f3fessor vi\u00f0 rafmagns\u2013 og t\u00f6lvuverkfr\u00e6\u00f0ideild H\u00e1sk\u00f3la \u00cdslands. A\u00f0 loknu framhaldsn\u00e1mi \u00ed Bandar\u00edkjunum, \u00fear sem hann hlaut vi\u00f0urkenningar fyrir n\u00fdjungar \u00ed \u00fer\u00f3un i\u00f0nst\u00fdringa fyrir NASA, h\u00f3f hann st\u00f6rf hj\u00e1 Marel, fyrrum sprotafyrirt\u00e6ki \u00e1 \u00cdslandi, \u00fear sem hann st\u00fdr\u00f0i ranns\u00f3knum m.a. \u00e1 svi\u00f0i sj\u00e1lfvirkni, skynjara, r\u00f3b\u00f3ta og t\u00f6lvusj\u00f3nar. \u00c1 starfsferli \u00fear, sem spanna\u00f0i meira en tvo \u00e1ratugi, hleypti hann af stokkunum og st\u00fdr\u00f0i fj\u00f6lda al\u00fej\u00f3\u00f0legra ranns\u00f3knarverkefna, jafnhli\u00f0a \u00fev\u00ed sem fyrirt\u00e6ki\u00f0 \u00f3x og var\u00f0 lei\u00f0andi \u00ed \u00fer\u00f3un t\u00e6kjab\u00fana\u00f0ar \u00e1 s\u00ednu svi\u00f0i. Hann hefur starfa\u00f0 hj\u00e1 H\u00cd fr\u00e1 2014, hann annast tengingu verkefnisins vi\u00f0 h\u00e1sk\u00f3lann og tekur \u00fe\u00e1tt \u00ed \u00fev\u00ed sem s\u00e9rfr\u00e6\u00f0ingur \u00e1 svi\u00f0i r\u00f3b\u00f3ta, skynjara og \u00fer\u00e1\u00f0lausra samskipta.<\/p>\n\n\n\n<p class=\"ai-note wp-block-paragraph\"><strong><em><a href=\"mailto:kiddi@hi.is\">kiddi@hi.is<\/a><\/em><\/strong><\/p>\n<\/div>\n<\/div>\n<\/div>\n<\/div>\n\n\n\n<div class=\"wp-block-group ai-container ai-pair is-layout-flow wp-block-group-is-layout-flow\">\n<div class=\"wp-block-columns is-layout-flex wp-container-core-columns-is-layout-0e47273b wp-block-columns-is-layout-flex\">\n<div class=\"wp-block-column is-layout-flow wp-block-column-is-layout-flow\">\n<div class=\"wp-block-group is-layout-flow wp-block-group-is-layout-flow\">\n<figure class=\"wp-block-image size-full is-resized\"><img decoding=\"async\" width=\"500\" height=\"480\" src=\"https:\/\/haf.hi.is\/wp-content\/uploads\/2023\/06\/Saemundur-E-Thorsteisnsson-1.jpg\" alt=\"S\u00e6mundur E \u00deorsteinsson\" class=\"wp-image-1948\" style=\"aspect-ratio:0.75;object-fit:cover;width:557px;height:auto\" srcset=\"https:\/\/haf.hi.is\/wp-content\/uploads\/2023\/06\/Saemundur-E-Thorsteisnsson-1.jpg 500w, https:\/\/haf.hi.is\/wp-content\/uploads\/2023\/06\/Saemundur-E-Thorsteisnsson-1-300x288.jpg 300w\" sizes=\"(max-width: 500px) 100vw, 500px\" \/><figcaption class=\"wp-element-caption\"><br><br><\/figcaption><\/figure>\n<\/div>\n<\/div>\n\n\n\n<div class=\"wp-block-column is-layout-flow wp-block-column-is-layout-flow\">\n<div class=\"wp-block-group ai-pair-body is-layout-flow wp-block-group-is-layout-flow\">\n<h3 class=\"wp-block-heading\">Prof. <strong>Saemundur E. Thorsteinsson<\/strong><\/h3>\n\n\n\n<p class=\"wp-block-paragraph\"><strong>Saemundur E. Thorsteinsson<\/strong> er s\u00e9rfr\u00e6\u00f0ingur vi\u00f0 rafmagns- og t\u00f6lvuverkfr\u00e6\u00f0ideild H\u00e1sk\u00f3la \u00cdslands. Starfsvettvangur hans hefur veri\u00f0 \u00ed ranns\u00f3knum \u00e1 svi\u00f0i fjarskipta og rafsegulfr\u00e6\u00f0i, b\u00e6\u00f0i hj\u00e1 fjarskiptafyrirt\u00e6kjum og \u00e1 vettvangi h\u00e1sk\u00f3la. \u00cd verkefninu leggur hann til s\u00e9rfr\u00e6\u00f0i\u00feekkingu \u00e1 svi\u00f0i netkerfa og fjarskipta.<\/p>\n\n\n\n<p class=\"wp-block-paragraph\"><strong><em><a href=\"mailto:saemi@hi.is\">saemi@hi.is<\/a><\/em><\/strong><\/p>\n<\/div>\n<\/div>\n<\/div>\n<\/div>\n<\/div>\n<\/div>\n<\/div>\n<\/div>\n\n\n\n<div class=\"wp-block-group iss-ai-demo iss-ai-demo--people is-layout-flow wp-block-group-is-layout-flow\">\n<div class=\"wp-block-columns is-layout-flex wp-container-core-columns-is-layout-0e47273b wp-block-columns-is-layout-flex\">\n<div class=\"wp-block-column is-layout-flow wp-block-column-is-layout-flow\" style=\"flex-basis:100%\">\n<div class=\"wp-block-group has-global-padding is-layout-constrained wp-block-group-is-layout-constrained\">\n<div class=\"wp-block-columns is-layout-flex wp-container-core-columns-is-layout-0e47273b wp-block-columns-is-layout-flex\">\n<div class=\"wp-block-column is-layout-flow wp-block-column-is-layout-flow\" style=\"flex-basis:100%\">\n<div class=\"wp-block-columns is-layout-flex wp-container-core-columns-is-layout-0e47273b wp-block-columns-is-layout-flex\">\n<div class=\"wp-block-column is-layout-flow wp-block-column-is-layout-flow\" style=\"flex-basis:100%\"><\/div>\n<\/div>\n<\/div>\n<\/div>\n<\/div>\n<\/div>\n<\/div>\n<\/div>\n\n\n\n<div class=\"wp-block-group alignfull iss-ai-demo iss-ai-demo--people is-layout-flow wp-block-group-is-layout-flow\">\n<div class=\"wp-block-group alignfull ai-band-mist has-text-color has-background is-layout-flow wp-block-group-is-layout-flow\" style=\"color:#111111;background-color:#f2f5f5\">\n<div class=\"wp-block-group ai-container is-layout-flow wp-block-group-is-layout-flow\">\n<h2 class=\"wp-block-heading\">A\u00f0rir \u00fe\u00e1tttakendur<\/h2>\n\n\n\n<hr class=\"wp-block-separator has-alpha-channel-opacity ai-rule\"\/>\n\n\n\n<div class=\"wp-block-columns is-layout-flex wp-container-core-columns-is-layout-0e47273b wp-block-columns-is-layout-flex\">\n<div class=\"wp-block-column is-layout-flow wp-block-column-is-layout-flow\">\n<div class=\"wp-block-group ai-person is-layout-flow wp-block-group-is-layout-flow\">\n<figure class=\"wp-block-image size-full\"><img loading=\"lazy\" decoding=\"async\" width=\"696\" height=\"696\" src=\"https:\/\/haf.hi.is\/wp-content\/uploads\/2023\/07\/tz-UlfarssonMO-11.jpeg\" alt=\"\" class=\"wp-image-1980\" style=\"aspect-ratio:3\/4;object-fit:cover\" srcset=\"https:\/\/haf.hi.is\/wp-content\/uploads\/2023\/07\/tz-UlfarssonMO-11.jpeg 696w, https:\/\/haf.hi.is\/wp-content\/uploads\/2023\/07\/tz-UlfarssonMO-11-300x300.jpeg 300w, https:\/\/haf.hi.is\/wp-content\/uploads\/2023\/07\/tz-UlfarssonMO-11-150x150.jpeg 150w\" sizes=\"(max-width: 696px) 100vw, 696px\" \/><\/figure>\n\n\n\n<p class=\"ai-role wp-block-paragraph\"><strong>PROF. Magnus Orn Ulfarsson<\/strong><\/p>\n\n\n\n<p class=\"wp-block-paragraph\"><strong>Magnus Orn Ulfarsson<\/strong> er pr\u00f3fessor vi\u00f0 Rafmagns- og t\u00f6lvuverkfr\u00e6\u00f0ideild H\u00e1sk\u00f3la \u00cdslands. Framlag hans til verkefnisins byggir \u00e1 \u00feekkingu \u00e1 t\u00f6lfr\u00e6\u00f0ilegri merkjafr\u00e6\u00f0i, v\u00e9lr\u00e6nu n\u00e1mi og gervigreind.<\/p>\n<\/div>\n<\/div>\n\n\n\n<div class=\"wp-block-column is-layout-flow wp-block-column-is-layout-flow\">\n<div class=\"wp-block-group ai-person is-layout-flow wp-block-group-is-layout-flow\">\n<figure class=\"wp-block-image size-full\"><img loading=\"lazy\" decoding=\"async\" width=\"173\" height=\"193\" src=\"https:\/\/haf.hi.is\/wp-content\/uploads\/2023\/07\/GudmundssonKS-11.jpg\" alt=\"\" class=\"wp-image-1982\" style=\"aspect-ratio:3\/4;object-fit:cover\"\/><\/figure>\n\n\n\n<p class=\"ai-role wp-block-paragraph\"><strong>Prof. Karl S. Gudmundsson<\/strong><\/p>\n\n\n\n<p class=\"wp-block-paragraph\"><strong>Karl S. Gudmundsson<\/strong> st\u00fdrir T\u00e6knifr\u00e6\u00f0isetri H\u00e1sk\u00f3la \u00cdslands og er fyrrverandi pr\u00f3fessor vi\u00f0 rafmagns- og t\u00f6lvuverkfr\u00e6\u00f0ideild H\u00cd. S\u00e9rfr\u00e6\u00f0isvi\u00f0 hans er t\u00f6lvuverkfr\u00e6\u00f0i og mun hann taka \u00fe\u00e1tt \u00ed ranns\u00f3knum og \u00fer\u00f3un t\u00f6lvuneta, v\u00e9lb\u00fana\u00f0ar og hugb\u00fana\u00f0ar.<\/p>\n<\/div>\n<\/div>\n\n\n\n<div class=\"wp-block-column is-layout-flow wp-block-column-is-layout-flow\">\n<div class=\"wp-block-group ai-person is-layout-flow wp-block-group-is-layout-flow\">\n<figure class=\"wp-block-image size-full\"><img loading=\"lazy\" decoding=\"async\" width=\"440\" height=\"440\" src=\"https:\/\/haf.hi.is\/wp-content\/uploads\/2023\/07\/tz-SilvaT-11.jpeg\" alt=\"\" class=\"wp-image-1979\" style=\"aspect-ratio:3\/4;object-fit:cover\" srcset=\"https:\/\/haf.hi.is\/wp-content\/uploads\/2023\/07\/tz-SilvaT-11.jpeg 440w, https:\/\/haf.hi.is\/wp-content\/uploads\/2023\/07\/tz-SilvaT-11-300x300.jpeg 300w, https:\/\/haf.hi.is\/wp-content\/uploads\/2023\/07\/tz-SilvaT-11-150x150.jpeg 150w\" sizes=\"(max-width: 440px) 100vw, 440px\" \/><\/figure>\n\n\n\n<p class=\"ai-role wp-block-paragraph\"><strong>Dr. Teresa Sofia Giesta Da Silva<\/strong><\/p>\n\n\n\n<p class=\"wp-block-paragraph\"><strong>Teresa Sofia Giesta Da Silva<\/strong> hefur doktorsgr\u00e1\u00f0u \u00ed l\u00edffr\u00e6\u00f0i og h\u00fan starfar sem s\u00e9rfr\u00e6\u00f0ingur vi\u00f0 ranns\u00f3knir hj\u00e1 Hafranns\u00f3knastofnun \u00e1 \u00cdslandi. Me\u00f0al vi\u00f0fangsefna \u00ed ranns\u00f3knum hennar eru hlj\u00f3\u00f0 fr\u00e1 sj\u00e1varl\u00edfverum, en h\u00fan mun sko\u00f0a n\u00fdtingu t\u00e6kni \u00far verkefninu vi\u00f0 a\u00f0 fylgjast me\u00f0 og greina l\u00edifverur \u00ed sj\u00f3num.<br>application cases for the proposed technology, particularly for marine life monitoring and assessment.<\/p>\n<\/div>\n<\/div>\n<\/div>\n\n\n\n<div class=\"wp-block-columns is-layout-flex wp-container-core-columns-is-layout-0e47273b wp-block-columns-is-layout-flex\">\n<div class=\"wp-block-column is-layout-flow wp-block-column-is-layout-flow\">\n<div class=\"wp-block-group ai-person is-layout-flow wp-block-group-is-layout-flow\">\n<figure class=\"wp-block-image size-full\"><img loading=\"lazy\" decoding=\"async\" width=\"984\" height=\"984\" src=\"https:\/\/haf.hi.is\/wp-content\/uploads\/2023\/07\/tz-PeturssonS-11.jpeg\" alt=\"\" class=\"wp-image-1978\" style=\"aspect-ratio:3\/4;object-fit:cover\" srcset=\"https:\/\/haf.hi.is\/wp-content\/uploads\/2023\/07\/tz-PeturssonS-11.jpeg 984w, https:\/\/haf.hi.is\/wp-content\/uploads\/2023\/07\/tz-PeturssonS-11-300x300.jpeg 300w, https:\/\/haf.hi.is\/wp-content\/uploads\/2023\/07\/tz-PeturssonS-11-150x150.jpeg 150w, https:\/\/haf.hi.is\/wp-content\/uploads\/2023\/07\/tz-PeturssonS-11-768x768.jpeg 768w\" sizes=\"(max-width: 984px) 100vw, 984px\" \/><\/figure>\n\n\n\n<p class=\"ai-role wp-block-paragraph\"><strong>Sigurdur Petursson<\/strong><\/p>\n\n\n\n<p class=\"wp-block-paragraph\"><strong>Sigurdur Petursson<\/strong> has expertise in fish farming and holds an M.Sc. in fishery studies. He will serve as a link to the Icelandic fish farming&nbsp;industry. His role is to give consultancy to the project&nbsp; partners about possible use cases in fish farming&nbsp;and to disseminate project results and raise awareness in the fish farming industry.<\/p>\n<\/div>\n<\/div>\n\n\n\n<div class=\"wp-block-column is-layout-flow wp-block-column-is-layout-flow\">\n<div class=\"wp-block-group ai-person is-layout-flow wp-block-group-is-layout-flow\">\n<figure class=\"wp-block-image size-full\"><img loading=\"lazy\" decoding=\"async\" width=\"1640\" height=\"1640\" src=\"https:\/\/haf.hi.is\/wp-content\/uploads\/2023\/07\/tz-JohannssonH-11.jpeg\" alt=\"\" class=\"wp-image-1977\" style=\"aspect-ratio:3\/4;object-fit:cover\" srcset=\"https:\/\/haf.hi.is\/wp-content\/uploads\/2023\/07\/tz-JohannssonH-11.jpeg 1640w, https:\/\/haf.hi.is\/wp-content\/uploads\/2023\/07\/tz-JohannssonH-11-300x300.jpeg 300w, https:\/\/haf.hi.is\/wp-content\/uploads\/2023\/07\/tz-JohannssonH-11-1024x1024.jpeg 1024w, https:\/\/haf.hi.is\/wp-content\/uploads\/2023\/07\/tz-JohannssonH-11-150x150.jpeg 150w, https:\/\/haf.hi.is\/wp-content\/uploads\/2023\/07\/tz-JohannssonH-11-768x768.jpeg 768w, https:\/\/haf.hi.is\/wp-content\/uploads\/2023\/07\/tz-JohannssonH-11-1536x1536.jpeg 1536w\" sizes=\"(max-width: 1640px) 100vw, 1640px\" \/><\/figure>\n\n\n\n<p class=\"ai-role wp-block-paragraph\"><strong>Dr. Hordur Johannsson<\/strong><\/p>\n\n\n\n<p class=\"wp-block-paragraph\"><strong>Hordur Johannsson<\/strong> is a chief engineer at Teledyne Gavia, a developer and manufacturer of autonomous underwater vehicles (AUV) in Iceland. He holds a Ph.D. and has expertise in Marine Robotics, Autonomous Vehicles, Localization and Mapping,&nbsp;Mission Planning and Pattern Recognition.<\/p>\n<\/div>\n<\/div>\n\n\n\n<div class=\"wp-block-column is-layout-flow wp-block-column-is-layout-flow\">\n<div class=\"wp-block-group ai-person is-layout-flow wp-block-group-is-layout-flow\">\n<figure class=\"wp-block-image size-full\"><img loading=\"lazy\" decoding=\"async\" width=\"392\" height=\"512\" src=\"https:\/\/haf.hi.is\/wp-content\/uploads\/2024\/02\/Hongzhi_Guo.jpg\" alt=\"\" class=\"wp-image-2233\" style=\"aspect-ratio:3\/4;object-fit:cover\" srcset=\"https:\/\/haf.hi.is\/wp-content\/uploads\/2024\/02\/Hongzhi_Guo.jpg 392w, https:\/\/haf.hi.is\/wp-content\/uploads\/2024\/02\/Hongzhi_Guo-230x300.jpg 230w, https:\/\/haf.hi.is\/wp-content\/uploads\/2024\/02\/Hongzhi_Guo-9x12.jpg 9w\" sizes=\"(max-width: 392px) 100vw, 392px\" \/><\/figure>\n\n\n\n<p class=\"ai-role wp-block-paragraph\"><strong>Dr. Hongzhi Guo<\/strong><\/p>\n\n\n\n<p class=\"wp-block-paragraph\"><strong>Hongzhi Guo<\/strong> is a collaborator of the Center for Robotics and Wireless Communications in Challenging Environments at the University of Iceland. He is an Assistant Professor in the School of Computing at the University of Nebraska-Lincoln. He received his Ph.D. degree from the University at Buffalo, the State University of New York in 2017. His broad research agenda is to develop the foundations for wireless networks and networked robotics to automate dangerous, dirty, dull tasks in extreme environments, such as underground and underwater.<\/p>\n<\/div>\n<\/div>\n<\/div>\n\n\n\n<div class=\"wp-block-columns is-layout-flex wp-container-core-columns-is-layout-0e47273b wp-block-columns-is-layout-flex\">\n<div class=\"wp-block-column is-layout-flow wp-block-column-is-layout-flow\">\n<div class=\"wp-block-group ai-person is-layout-flow wp-block-group-is-layout-flow\">\n<figure class=\"wp-block-image size-full\"><img loading=\"lazy\" decoding=\"async\" width=\"450\" height=\"574\" src=\"https:\/\/haf.hi.is\/wp-content\/uploads\/2024\/02\/Sverrir_Nordfjord.png\" alt=\"\" class=\"wp-image-2268\" style=\"aspect-ratio:3\/4;object-fit:cover\" srcset=\"https:\/\/haf.hi.is\/wp-content\/uploads\/2024\/02\/Sverrir_Nordfjord.png 450w, https:\/\/haf.hi.is\/wp-content\/uploads\/2024\/02\/Sverrir_Nordfjord-235x300.png 235w, https:\/\/haf.hi.is\/wp-content\/uploads\/2024\/02\/Sverrir_Nordfjord-9x12.png 9w\" sizes=\"(max-width: 450px) 100vw, 450px\" \/><\/figure>\n\n\n\n<p class=\"ai-role wp-block-paragraph\"><strong>Sverrir Jan Nordfjord<\/strong><\/p>\n\n\n\n<p class=\"wp-block-paragraph\"><strong>Sverrir Jan Nordfjord<\/strong> is a Ph.D. student at the faculty of ECE of University of Iceland. He holds a M.Sc. from the Technical University of Denmark. He has various experience from different project work domestically and internationally for the last two decades. Those projects range from software development to electrical transmission grid planning, working as a specialist, consultant and manager.<\/p>\n<\/div>\n<\/div>\n\n\n\n<div class=\"wp-block-column is-layout-flow wp-block-column-is-layout-flow\">\n<div class=\"wp-block-group ai-person is-layout-flow wp-block-group-is-layout-flow\">\n<figure class=\"wp-block-image size-full\"><img loading=\"lazy\" decoding=\"async\" width=\"1920\" height=\"2560\" src=\"https:\/\/haf.hi.is\/wp-content\/uploads\/2024\/02\/Mandana-Mahgoli-scaled.jpg\" alt=\"\" class=\"wp-image-2238\" style=\"aspect-ratio:3\/4;object-fit:cover\" srcset=\"https:\/\/haf.hi.is\/wp-content\/uploads\/2024\/02\/Mandana-Mahgoli-scaled.jpg 1920w, https:\/\/haf.hi.is\/wp-content\/uploads\/2024\/02\/Mandana-Mahgoli-225x300.jpg 225w, https:\/\/haf.hi.is\/wp-content\/uploads\/2024\/02\/Mandana-Mahgoli-768x1024.jpg 768w, https:\/\/haf.hi.is\/wp-content\/uploads\/2024\/02\/Mandana-Mahgoli-1152x1536.jpg 1152w, https:\/\/haf.hi.is\/wp-content\/uploads\/2024\/02\/Mandana-Mahgoli-1536x2048.jpg 1536w, https:\/\/haf.hi.is\/wp-content\/uploads\/2024\/02\/Mandana-Mahgoli-9x12.jpg 9w\" sizes=\"(max-width: 1920px) 100vw, 1920px\" \/><\/figure>\n\n\n\n<p class=\"ai-role wp-block-paragraph\"><strong>Mandana Mahgoli<\/strong><\/p>\n\n\n\n<p class=\"wp-block-paragraph\"><strong>Mandana Mahgoli<\/strong>, a distinguished 2020 graduate from the University of Sistan and Baluchestan, Zahedan, Iran in Telecommunication Engineering (Field and Waves), is one of the enthusiasts in the realm of Wireless Technologies, particularly various types of Antennas. With a Master&#8217;s Thesis focusing on the Reduction of Radar Cross-Section using metamaterials, she contributes and focuses on Multi-robot Co-operative Ultra-Massive MIMO of this groundbreaking project as a Ph.D. student. Moreover, she has adeptly managed, supervised and actively participated in numerous IT and ICT projects in Iran.<\/p>\n<\/div>\n<\/div>\n\n\n\n<div class=\"wp-block-column is-layout-flow wp-block-column-is-layout-flow\">\n<div class=\"wp-block-group ai-person is-layout-flow wp-block-group-is-layout-flow\">\n<figure class=\"wp-block-image size-full\"><img loading=\"lazy\" decoding=\"async\" width=\"1080\" height=\"1267\" src=\"https:\/\/haf.hi.is\/wp-content\/uploads\/2024\/02\/Farzad.Alizadeh.jpeg\" alt=\"\" class=\"wp-image-2242\" style=\"aspect-ratio:3\/4;object-fit:cover\" srcset=\"https:\/\/haf.hi.is\/wp-content\/uploads\/2024\/02\/Farzad.Alizadeh.jpeg 1080w, https:\/\/haf.hi.is\/wp-content\/uploads\/2024\/02\/Farzad.Alizadeh-256x300.jpeg 256w, https:\/\/haf.hi.is\/wp-content\/uploads\/2024\/02\/Farzad.Alizadeh-873x1024.jpeg 873w, https:\/\/haf.hi.is\/wp-content\/uploads\/2024\/02\/Farzad.Alizadeh-768x901.jpeg 768w, https:\/\/haf.hi.is\/wp-content\/uploads\/2024\/02\/Farzad.Alizadeh-10x12.jpeg 10w\" sizes=\"(max-width: 1080px) 100vw, 1080px\" \/><\/figure>\n\n\n\n<p class=\"ai-role wp-block-paragraph\"><strong>Farzad Alizadeh<\/strong><\/p>\n\n\n\n<p class=\"wp-block-paragraph\"><strong>Farzad Alizadeh<\/strong> is a Ph.D. student at the Faculty of Electrical and Computer Engineering at the University of Iceland. His research focuses on underwater wireless communications, including active acoustic metasurfaces, acoustic \u00b5mMIMO systems, magnetic MIMO antennas, and buoy-free underwater-aerial communication networks.<\/p>\n<\/div>\n<\/div>\n<\/div>\n<\/div>\n<\/div>\n<\/div>\n\n\n\n<div class=\"wp-block-group alignfull iss-ai-demo iss-ai-demo--people is-layout-flow wp-block-group-is-layout-flow\">\n<div class=\"wp-block-group alignfull ai-band-dark has-text-color has-background is-layout-flow wp-block-group-is-layout-flow\" style=\"color:#ffffff;background-color:#0b1f2a\">\n<div class=\"wp-block-group ai-container is-layout-flow wp-block-group-is-layout-flow\">\n<p class=\"ai-kicker wp-block-paragraph\">Join the lab<\/p>\n\n\n\n<h2 class=\"wp-block-heading\">Open positions &amp; prospective students<\/h2>\n\n\n\n<hr class=\"wp-block-separator has-alpha-channel-opacity ai-rule\"\/>\n\n\n\n<div class=\"wp-block-columns is-layout-flex wp-container-core-columns-is-layout-0e47273b wp-block-columns-is-layout-flex\">\n<div class=\"wp-block-column is-layout-flow wp-block-column-is-layout-flow\">\n<div class=\"wp-block-group is-layout-flow wp-block-group-is-layout-flow\">\n<p class=\"ai-index wp-block-paragraph\">02<\/p>\n\n\n\n<h3 class=\"wp-block-heading\">Currently recruiting<\/h3>\n\n\n\n<p class=\"wp-block-paragraph\">Stay Tuned!<\/p>\n<\/div>\n<\/div>\n\n\n\n<div class=\"wp-block-column is-layout-flow wp-block-column-is-layout-flow\">\n<div class=\"wp-block-group is-layout-flow wp-block-group-is-layout-flow\">\n<p class=\"ai-index wp-block-paragraph\">03<\/p>\n\n\n\n<h3 class=\"wp-block-heading\">A note for applicants<\/h3>\n\n\n\n<p class=\"wp-block-paragraph\">Stay Tuned!<\/p>\n<\/div>\n<\/div>\n<\/div>\n\n\n\n<hr class=\"wp-block-separator has-alpha-channel-opacity ai-rule\"\/>\n\n\n\n<p class=\"ai-note wp-block-paragraph\">Stay Tuned!<\/p>\n\n\n\n<ul class=\"wp-block-social-links has-icon-color is-style-logos-only is-layout-flex wp-container-core-social-links-is-layout-38f3df27 wp-block-social-links-is-layout-flex\" style=\"color:currentColor\">\n<li style=\"color:currentColor\" class=\"wp-social-link wp-social-link-linkedin wp-block-social-link\"><a href=\"https:\/\/linkedin.com\" class=\"wp-block-social-link-anchor\"><svg width=\"24\" height=\"24\" viewbox=\"0 0 24 24\" version=\"1.1\" xmlns=\"http:\/\/www.w3.org\/2000\/svg\" aria-hidden=\"true\" focusable=\"false\"><path d=\"M19.7,3H4.3C3.582,3,3,3.582,3,4.3v15.4C3,20.418,3.582,21,4.3,21h15.4c0.718,0,1.3-0.582,1.3-1.3V4.3 C21,3.582,20.418,3,19.7,3z M8.339,18.338H5.667v-8.59h2.672V18.338z M7.004,8.574c-0.857,0-1.549-0.694-1.549-1.548 c0-0.855,0.691-1.548,1.549-1.548c0.854,0,1.547,0.694,1.547,1.548C8.551,7.881,7.858,8.574,7.004,8.574z M18.339,18.338h-2.669 v-4.177c0-0.996-0.017-2.278-1.387-2.278c-1.389,0-1.601,1.086-1.601,2.206v4.249h-2.667v-8.59h2.559v1.174h0.037 c0.356-0.675,1.227-1.387,2.526-1.387c2.703,0,3.203,1.779,3.203,4.092V18.338z\"><\/path><\/svg><span class=\"wp-block-social-link-label screen-reader-text\">LinkedIn<\/span><\/a><\/li>\n<li style=\"color:currentColor\" class=\"wp-social-link wp-social-link-x wp-block-social-link\"><a href=\"https:\/\/x.com\" class=\"wp-block-social-link-anchor\"><svg width=\"24\" height=\"24\" viewbox=\"0 0 24 24\" version=\"1.1\" xmlns=\"http:\/\/www.w3.org\/2000\/svg\" aria-hidden=\"true\" focusable=\"false\"><path d=\"M13.982 10.622 20.54 3h-1.554l-5.693 6.618L8.745 3H3.5l6.876 10.007L3.5 21h1.554l6.012-6.989L15.868 21h5.245l-7.131-10.378Zm-2.128 2.474-.697-.997-5.543-7.93H8l4.474 6.4.697.996 5.815 8.318h-2.387l-4.745-6.787Z\" \/><\/svg><span class=\"wp-block-social-link-label screen-reader-text\">X<\/span><\/a><\/li>\n<li style=\"color:currentColor\" class=\"wp-social-link wp-social-link-youtube wp-block-social-link\"><a href=\"https:\/\/youtube.com\" class=\"wp-block-social-link-anchor\"><svg width=\"24\" height=\"24\" viewbox=\"0 0 24 24\" version=\"1.1\" xmlns=\"http:\/\/www.w3.org\/2000\/svg\" aria-hidden=\"true\" focusable=\"false\"><path d=\"M21.8,8.001c0,0-0.195-1.378-0.795-1.985c-0.76-0.797-1.613-0.801-2.004-0.847c-2.799-0.202-6.997-0.202-6.997-0.202 h-0.009c0,0-4.198,0-6.997,0.202C4.608,5.216,3.756,5.22,2.995,6.016C2.395,6.623,2.2,8.001,2.2,8.001S2,9.62,2,11.238v1.517 c0,1.618,0.2,3.237,0.2,3.237s0.195,1.378,0.795,1.985c0.761,0.797,1.76,0.771,2.205,0.855c1.6,0.153,6.8,0.201,6.8,0.201 s4.203-0.006,7.001-0.209c0.391-0.047,1.243-0.051,2.004-0.847c0.6-0.607,0.795-1.985,0.795-1.985s0.2-1.618,0.2-3.237v-1.517 C22,9.62,21.8,8.001,21.8,8.001z M9.935,14.594l-0.001-5.62l5.404,2.82L9.935,14.594z\"><\/path><\/svg><span class=\"wp-block-social-link-label screen-reader-text\">YouTube<\/span><\/a><\/li>\n<\/ul>\n<\/div>\n<\/div>\n<\/div>\n\n\n\n<p class=\"wp-block-paragraph\"><\/p>","protected":false},"excerpt":{"rendered":"<p>HAF-People Minds behind the underwater communication frontier A small, tightly focused group spanning signal processing, marine robotics, electromagnetics and applied acoustics based at the University of Iceland, working across fjord and open sea. SIGNAL PROCESSING &nbsp; \u00b7 &nbsp; UNDERWATER ACOUSTICS &nbsp; \u00b7 &nbsp; ROBOTICS &nbsp; \u00b7 &nbsp; RF &amp; ANTENNAS [&hellip;]<\/p>\n","protected":false},"author":4,"featured_media":0,"parent":0,"menu_order":3,"comment_status":"closed","ping_status":"closed","template":"page-templates\/full-width-no-title.php","meta":{"_eb_attr":"","inspiro_page_layout":"narrow","inspiro_hide_title":false,"footnotes":""},"class_list":["post-11900","page","type-page","status-publish","hentry"],"featured_media_urls":[],"_links":{"self":[{"href":"https:\/\/haf.hi.is\/is\/wp-json\/wp\/v2\/pages\/11900","targetHints":{"allow":["GET"]}}],"collection":[{"href":"https:\/\/haf.hi.is\/is\/wp-json\/wp\/v2\/pages"}],"about":[{"href":"https:\/\/haf.hi.is\/is\/wp-json\/wp\/v2\/types\/page"}],"author":[{"embeddable":true,"href":"https:\/\/haf.hi.is\/is\/wp-json\/wp\/v2\/users\/4"}],"replies":[{"embeddable":true,"href":"https:\/\/haf.hi.is\/is\/wp-json\/wp\/v2\/comments?post=11900"}],"version-history":[{"count":14,"href":"https:\/\/haf.hi.is\/is\/wp-json\/wp\/v2\/pages\/11900\/revisions"}],"predecessor-version":[{"id":12033,"href":"https:\/\/haf.hi.is\/is\/wp-json\/wp\/v2\/pages\/11900\/revisions\/12033"}],"wp:attachment":[{"href":"https:\/\/haf.hi.is\/is\/wp-json\/wp\/v2\/media?parent=11900"}],"curies":[{"name":"wp","href":"https:\/\/api.w.org\/{rel}","templated":true}]}}